{"id":58769,"date":"2024-02-15T11:41:54","date_gmt":"2024-02-15T11:41:54","guid":{"rendered":"https:\/\/sas.unl.pt\/?page_id=58769"},"modified":"2024-02-15T13:54:59","modified_gmt":"2024-02-15T13:54:59","slug":"services-organisation","status":"publish","type":"page","link":"https:\/\/sas.unl.pt\/en\/services-organisation\/","title":{"rendered":"Services\u00b4 Organisation"},"content":{"rendered":"","protected":false},"excerpt":{"rendered":"","protected":false},"author":79,"featured_media":58749,"parent":0,"menu_order":0,"comment_status":"closed","ping_status":"closed","template":"","meta":{"_acf_changed":false,"footnotes":""},"class_list":["post-58769","page","type-page","status-publish","has-post-thumbnail","hentry"],"acf":{"seccao":[{"titulo":"Organisation","conteudo":"<p><img loading=\"lazy\" decoding=\"async\" class=\"alignnone wp-image-58861 \" src=\"https:\/\/sas.unl.pt\/wp-content\/uploads\/2024\/02\/Captura-de-ecra-2024-02-15-134932.png\" alt=\"\" width=\"1032\" height=\"730\" srcset=\"https:\/\/sas.unl.pt\/wp-content\/uploads\/2024\/02\/Captura-de-ecra-2024-02-15-134932.png 1285w, https:\/\/sas.unl.pt\/wp-content\/uploads\/2024\/02\/Captura-de-ecra-2024-02-15-134932-300x212.png 300w, https:\/\/sas.unl.pt\/wp-content\/uploads\/2024\/02\/Captura-de-ecra-2024-02-15-134932-1024x724.png 1024w, https:\/\/sas.unl.pt\/wp-content\/uploads\/2024\/02\/Captura-de-ecra-2024-02-15-134932-768x543.png 768w, https:\/\/sas.unl.pt\/wp-content\/uploads\/2024\/02\/Captura-de-ecra-2024-02-15-134932-400x283.png 400w\" sizes=\"auto, (max-width: 1032px) 100vw, 1032px\" \/><\/p>\n"},{"titulo":"SASNOVA organic regulation","conteudo":"<p><a href=\"https:\/\/sas.unl.pt\/wp-content\/uploads\/2021\/07\/Regulamento-520_2021_Regulamento_Organico_SAS-1.pdf\">Di\u00e1rio da Rep\u00fablica n.\u00ba 520\/2021<\/a><\/p>\n"},{"titulo":"Managers ","conteudo":"<p>Paula Machado &#8211; Executive Administrator<\/p>\n<p>Iva Matos &#8211; Department of Student Support Services (DSAA)<\/p>\n"},{"titulo":"Staff","conteudo":"<p class=\"x_xmsonormal\">(Updated 31st January 2024)<\/p>\n<p class=\"x_xmsonormal\">Adelina Mendes Pereira Braga<\/p>\n<p class=\"x_xmsonormal\">Almerinda da Concei\u00e7\u00e3o Joaquim<\/p>\n<p class=\"x_xmsonormal\">Ana Catarina Nunes Batista de Moura<\/p>\n<p class=\"x_xmsonormal\">Ana Maria Mendes Gaspar<\/p>\n<p class=\"x_xmsonormal\">Ana Paula C\u00e9sar Gomes<\/p>\n<p class=\"x_xmsonormal\">Ana Sofia Anast\u00e1cio Correia Carregal<\/p>\n<p class=\"x_xmsonormal\">Anabela Gon\u00e7alves Correia<\/p>\n<p class=\"x_xmsonormal\">C\u00e2ndida Sofia Gon\u00e7alves de Almeida Fouto<\/p>\n<p class=\"x_xmsonormal\">Carina Vieira Quinto Pacheco<\/p>\n<p class=\"x_xmsonormal\">Carla Alexandra Morgado Gomes<\/p>\n<p class=\"x_xmsonormal\">Carlos Alberto Pereira Raposo Rodrigues<\/p>\n<p class=\"x_xmsonormal\">Carlos Miguel Gon\u00e7alves Correia<\/p>\n<p class=\"x_xmsonormal\">Carolina Andreia de Abreu Rodrigues<\/p>\n<p class=\"x_xmsonormal\">Catarina Alexandra Ribeiro Pedro<\/p>\n<p class=\"x_xmsonormal\">C\u00e1tia Sofia Gomes Antunes<\/p>\n<p class=\"x_xmsonormal\">Cl\u00e1udia Gon\u00e7alves Mour\u00e3o Martins dos Santos<\/p>\n<p class=\"x_xmsonormal\">Cl\u00e1udia Sofia Nunes Almeida<\/p>\n<p class=\"x_xmsonormal\">Cleiton Osternes Rodrigues<\/p>\n<p class=\"x_xmsonormal\">Daniel Maria Garcez Palha Moura<\/p>\n<p class=\"x_xmsonormal\">Em\u00edlia da Assun\u00e7\u00e3o Silva In\u00e1cio Capucho<\/p>\n<p class=\"x_xmsonormal\">Eug\u00e9nia Maria Morgado Tib\u00farcio<\/p>\n<p class=\"x_xmsonormal\">In\u00e1cia do Sacramento Bate Borges<\/p>\n<p class=\"x_xmsonormal\">Isabel Maria Cruz Ribeiro Barbosa<\/p>\n<p class=\"x_xmsonormal\">Isabel Maria Tavares da Silva<\/p>\n<p class=\"x_xmsonormal\">Iva de Jesus Sanches de Matos Santos<\/p>\n<p class=\"x_xmsonormal\">Jo\u00e3o Pedro da Silva Leite<\/p>\n<p class=\"x_xmsonormal\">Jos\u00e9 Ant\u00f3nio Nabais Pires Malcato<\/p>\n<p class=\"x_xmsonormal\">Liliana Filipa Rainho Marques<\/p>\n<p class=\"x_xmsonormal\">Manuel Ant\u00f3nio Guerreiro Bastos<\/p>\n<p class=\"x_xmsonormal\">Maria Adelina Castanheira Guardado da Silva<\/p>\n<p class=\"x_xmsonormal\">Maria Alice Rodrigues da Silva<\/p>\n<p class=\"x_xmsonormal\">Maria Ant\u00f3nia de Sousa Bastos<\/p>\n<p class=\"x_xmsonormal\">Maria Antonieta de Jesus Gon\u00e7alinho<\/p>\n<p class=\"x_xmsonormal\">Maria Celeste Alves dos Santos<\/p>\n<p class=\"x_xmsonormal\">Maria da Natividade Ferreira Pais<\/p>\n<p class=\"x_xmsonormal\">Maria das Dores Barros de Sousa<\/p>\n<p class=\"x_xmsonormal\">Maria das Neves de Sousa de Almeida Costa<\/p>\n<p class=\"x_xmsonormal\">Maria Doroteia dos Santos Nunes<\/p>\n<p class=\"x_xmsonormal\">Maria dos Prazeres da Costa Teixeira Cola\u00e7o<\/p>\n<p class=\"x_xmsonormal\">Maria Edite de Oliveira<\/p>\n<p class=\"x_xmsonormal\">Maria Marcelo Cambezes Mar\u00e7al Carrega<\/p>\n<p class=\"x_xmsonormal\">Maria Paula Pereira dos Santos Machado<\/p>\n<p class=\"x_xmsonormal\">Marina Orrico Tavares<\/p>\n<p class=\"x_xmsonormal\">Natacha Gal\u00e9 Ribeiro da Costa Monteiro<\/p>\n<p class=\"x_xmsonormal\">Olga Maria dos Santos Ferreira<\/p>\n<p class=\"x_xmsonormal\">Olides de Caires Gouveia<\/p>\n<p class=\"x_xmsonormal\">Ot\u00edlia Maria Vital Nunes Santos<\/p>\n<p class=\"x_xmsonormal\">Paulo Guilherme Duarte Reynaud da Silva<\/p>\n<p class=\"x_xmsonormal\">Ricardo Gon\u00e7alves Candeia<\/p>\n<p class=\"x_xmsonormal\">Rosa Maria Piedade Anast\u00e1cio<\/p>\n<p class=\"x_xmsonormal\">Rute Alexandra Patroc\u00ednio do Carmo<\/p>\n<p class=\"x_xmsonormal\">Sandra Cristina de Lima Pinheiro Mateus<\/p>\n<p class=\"x_xmsonormal\">Sandra Maria de Jesus Figueiras<\/p>\n<p class=\"x_xmsonormal\">Sandra Maria Magro Fialho Barbosa<\/p>\n<p class=\"x_xmsonormal\">Sandra Maria Mendes Franco Pinto<\/p>\n<p class=\"x_xmsonormal\">Sandra Maria Teixeira Gomes Magalh\u00e3es<\/p>\n<p class=\"x_xmsonormal\">Sandra Sofia Pacheco Maria<\/p>\n<p class=\"x_xmsonormal\">S\u00edlvia Raquel Correia Santos Fernandes<\/p>\n<p class=\"x_xmsonormal\">Soraia Alexandra Gomes Guerra<\/p>\n<p class=\"x_xmsonormal\">Teresa Maria Nunes Ramiro Caldeira<\/p>\n<p class=\"x_xmsonormal\">Teresa Moreira Aroeira Lamas Tudella<\/p>\n<p class=\"x_xmsonormal\">Tiago Andr\u00e9 Carneiro dos Santos<\/p>\n<p class=\"x_xmsonormal\">Tiago Jorge de Jesus Fernandes<\/p>\n<p class=\"x_xmsonormal\">Tiago Manuel Ferreira da Silva<\/p>\n<p class=\"x_xmsonormal\">Vanessa Alexandra Santana Fernandes<\/p>\n<p class=\"x_xmsonormal\">Vera L\u00facia de Bastos Amorim<\/p>\n"}],"link_rapido":false},"_links":{"self":[{"href":"https:\/\/sas.unl.pt\/en\/wp-json\/wp\/v2\/pages\/58769","targetHints":{"allow":["GET"]}}],"collection":[{"href":"https:\/\/sas.unl.pt\/en\/wp-json\/wp\/v2\/pages"}],"about":[{"href":"https:\/\/sas.unl.pt\/en\/wp-json\/wp\/v2\/types\/page"}],"author":[{"embeddable":true,"href":"https:\/\/sas.unl.pt\/en\/wp-json\/wp\/v2\/users\/79"}],"replies":[{"embeddable":true,"href":"https:\/\/sas.unl.pt\/en\/wp-json\/wp\/v2\/comments?post=58769"}],"version-history":[{"count":3,"href":"https:\/\/sas.unl.pt\/en\/wp-json\/wp\/v2\/pages\/58769\/revisions"}],"predecessor-version":[{"id":58864,"href":"https:\/\/sas.unl.pt\/en\/wp-json\/wp\/v2\/pages\/58769\/revisions\/58864"}],"wp:featuredmedia":[{"embeddable":true,"href":"https:\/\/sas.unl.pt\/en\/wp-json\/wp\/v2\/media\/58749"}],"wp:attachment":[{"href":"https:\/\/sas.unl.pt\/en\/wp-json\/wp\/v2\/media?parent=58769"}],"curies":[{"name":"wp","href":"https:\/\/api.w.org\/{rel}","templated":true}]}}